{"id":3750,"date":"2015-05-10T02:02:58","date_gmt":"2015-05-10T00:02:58","guid":{"rendered":"http:\/\/www.montecorno.com\/?page_id=3750"},"modified":"2025-11-05T15:04:15","modified_gmt":"2025-11-05T14:04:15","slug":"olio-extravergine-di-oliva","status":"publish","type":"page","link":"https:\/\/www.montecorno.com\/de\/prodotti-biologici\/olio-extravergine-di-oliva\/","title":{"rendered":"Oliven\u00f6l Extra Vergine"},"content":{"rendered":"<p>[vc_row][vc_column width=&#8220;1\/2&#8243;][vc_column_text]<img loading=\"lazy\" decoding=\"async\" class=\"alignnone wp-image-4678 size-full\" src=\"https:\/\/www.montecorno.com\/wp-content\/uploads\/olio_evo-1.png\" alt=\"\" width=\"550\" height=\"950\" srcset=\"https:\/\/www.montecorno.com\/wp-content\/uploads\/olio_evo-1.png 550w, https:\/\/www.montecorno.com\/wp-content\/uploads\/olio_evo-1-174x300.png 174w\" sizes=\"auto, (max-width: 550px) 100vw, 550px\" \/>[\/vc_column_text][\/vc_column][vc_column width=&#8220;1\/2&#8243;][vc_column_text]Come l&#8217;uva anche le olive sono di varie qualit\u00e0, cultivar che spremute producono oli con caratteristiche organolettiche differenti, pi\u00f9 dolci, pi\u00f9 piccanti, pi\u00f9 amari.<br \/>\nLa nostra ricerca di qualit\u00e0 di questo prodotto ci ha dunque spinti a realizzare una linea di olio extravergine di oliva che tenesse conto delle differenti\u00a0caratteristiche delle cultivar raccogliendole separatamente a seconda della loro curva di maturazione, molendole in soluzione continua dalla raccolta\u00a0( non oltre le 12 h ) e, mantenendone separati i vari quantitativi, analisi AiPO dei lotti alla mano, si procede alla cru di cuvee.<br \/>\nNella nostra raccolta siamo arrivati a produrre <strong>tre tipologie<\/strong> di olio:<\/p>\n<p><strong>Ottobrino<\/strong>:<br \/>\nCultivar: 50% Maurino, 50% Casaliva.<br \/>\nFrantoiato con gramolatura esclusiva entro 12 h dalla raccolta effettuata dal 15 al 25 ottobre delle nostre olive coltivate sul Montecorno di Desenzano d \/G. \u00a0<a href=\"http:\/\/www.montecorno.com\/wp-content\/uploads\/Aipo_1.pdf\" target=\"_blank\" rel=\"noopener\">VEDI CERTIFICAZIONE Aipo<\/a><\/p>\n<p><strong>Novembrino<\/strong>:<br \/>\nCultivar : 10% Pendolino, 40% Frantoio, 50% Casaliva.<br \/>\nFrantoiato con gramolatura esclusiva entro 12 h dalla raccolta effettuata dal 25 ottobre al 14 novembre delle nostre olive coltivate sul Montecorno di Desenzano d\/G.\u00a0<a href=\"http:\/\/www.montecorno.com\/wp-content\/uploads\/Aipo_2.pdf\" target=\"_blank\" rel=\"noopener\">VEDI CERTIFICAZIONE Aipo<\/a><\/p>\n<p><strong>Most&#8217;olio<\/strong>: olio d&#8216; oliva extravergine non filtrato.<br \/>\nCultivar: 50% Frantoio, 25% Casaliva, 25% Leccino.<br \/>\nFrantoiato con gramolatura esclusiva entro 12 h dalla raccolta effettuata dal 25 ottobre al 14 novembre delle nostre olive coltivate sul Montecorno di Desenzano d\/G.\u00a0<a href=\"http:\/\/www.montecorno.com\/wp-content\/uploads\/Aipo_3.pdf\" target=\"_blank\" rel=\"noopener\">VEDI CERTIFICAZIONE Aipo<\/a><\/p>\n<p><em>Viste l&#8217;esigua produzione se ne consiglia la prenotazione entro settembre.<\/em><\/p>\n<p><strong>Olio extravergine di oliva del Garda<\/strong><br \/>\nDisponibile in bottiglia in vetro da:<br \/>\n0,25 l., 0,50 l. e da 0,75 l.<br \/>\nIn latta da 1,2l., 3 l. e da 5 l.[\/vc_column_text][vc_accordion][vc_accordion_tab title=&#8220;Valori Nutrizionali&#8220;][vc_column_text]<\/p>\n<p align=\"JUSTIFY\">Dichiarazione nutrizionale valori medi per 100 ml di prodotto:<br \/>\nEnergia 824 kcal, 3449 kj<br \/>\nGrassi 91,50g<br \/>\nAcidi grassi saturi 13,24g<br \/>\nCarboidrati 0g<br \/>\nZuccheri 0g<br \/>\nProteine 0g<br \/>\nSale 0g<\/p>\n<p>[\/vc_column_text][\/vc_accordion_tab][vc_accordion_tab title=&#8220;Analisi sensoriali&#8220;][vc_column_text]<\/p>\n<p align=\"JUSTIFY\">Colore dorato con persistenza al verde<\/p>\n<p><strong>Odore<\/strong>: fruttato leggero con sottofondo di mandorla e carciofo<\/p>\n<p align=\"JUSTIFY\"><strong>Sapore<\/strong>: fruttato con leggera sensazione di mandorla e carciofo<\/p>\n<p align=\"JUSTIFY\"><strong>Acidit\u00e0:<\/strong> non superiore a 0,3<\/p>\n<p align=\"JUSTIFY\"><strong>Acido oleico:<\/strong> superiore a 74%<\/p>\n<p><em>\u00a0<\/em>[\/vc_column_text][\/vc_accordion_tab][\/vc_accordion][\/vc_column][\/vc_row][vc_row][vc_column][vc_cta h2=&#8220;ORDINA I NOSTRI PRODOTTI BIO&#8220; style=&#8220;outline&#8220; color=&#8220;chino&#8220; add_button=&#8220;top&#8220; btn_title=&#8220;CLICCA QUI&#8220; btn_style=&#8220;3d&#8220; btn_shape=&#8220;square&#8220; btn_color=&#8220;success&#8220; btn_size=&#8220;lg&#8220; btn_align=&#8220;center&#8220; btn_i_icon_fontawesome=&#8220;fa fa-envelope-o&#8220; btn_css_animation=&#8220;right-to-left&#8220; add_icon=&#8220;right&#8220; i_type=&#8220;openiconic&#8220; i_icon_openiconic=&#8220;vc-oi vc-oi-box&#8220; i_color=&#8220;green&#8220; i_background_style=&#8220;rounded&#8220; i_background_color=&#8220;chino&#8220; i_size=&#8220;xl&#8220; css_animation=&#8220;appear&#8220; btn_link=&#8220;url:http%3A%2F%2Fwww.montecorno.com%2Fordine-prodotti%2F||&#8220; btn_button_block=&#8220;true&#8220; btn_add_icon=&#8220;true&#8220; i_on_border=&#8220;true&#8220; i_link=&#8220;url:http%3A%2F%2Fwww.montecorno.com%2Fordine-prodotti%2F||&#8220;]Ordina i nostri prodotti biologici, ti invieremo il costo comprensivo di spese di spedizione, possiamo confezionare i prodotti anche in cesti natalizi.[\/vc_cta][\/vc_column][\/vc_row]<\/p>","protected":false},"excerpt":{"rendered":"<p>[vc_row][vc_column width=&#8220;1\/2&#8243;][vc_column_text][\/vc_column_text][\/vc_column][vc_column width=&#8220;1\/2&#8243;][vc_column_text]Come l&#8217;uva anche le olive sono di varie qualit\u00e0, cultivar che spremute producono oli con caratteristiche organolettiche differenti, pi\u00f9 dolci, pi\u00f9 piccanti, pi\u00f9 amari. La nostra ricerca di qualit\u00e0 di questo prodotto ci ha dunque spinti a realizzare una linea di olio extravergine di oliva che tenesse conto delle differenti\u00a0caratteristiche delle cultivar raccogliendole&nbsp;<\/p>\n<p><a class=\"btn btn-style\" href=\"https:\/\/www.montecorno.com\/de\/prodotti-biologici\/olio-extravergine-di-oliva\/\">Continue Reading&#8230;<\/a><\/p>\n","protected":false},"author":1,"featured_media":0,"parent":3393,"menu_order":0,"comment_status":"closed","ping_status":"open","template":"","meta":{"_exactmetrics_skip_tracking":false,"footnotes":""},"class_list":["post-3750","page","type-page","status-publish","hentry"],"yoast_head":"<!-- This site is optimized with the Yoast SEO plugin v28.3 - https:\/\/yoast.com\/product\/yoast-seo-wordpress\/ -->\n<title>Oliven\u00f6l Extra Vergine - Azienda Agricola Montecorno Belvedere<\/title>\n<meta name=\"robots\" content=\"index, follow, max-snippet:-1, max-image-preview:large, max-video-preview:-1\" \/>\n<link rel=\"canonical\" href=\"https:\/\/www.montecorno.com\/prodotti-biologici\/olio-extravergine-di-oliva\/\" \/>\n<meta property=\"og:locale\" content=\"de_DE\" \/>\n<meta property=\"og:type\" content=\"article\" \/>\n<meta property=\"og:title\" content=\"Oliven\u00f6l Extra Vergine - Azienda Agricola Montecorno Belvedere\" \/>\n<meta property=\"og:description\" content=\"[vc_row][vc_column width=&#8220;1\/2&#8243;][vc_column_text][\/vc_column_text][\/vc_column][vc_column width=&#8220;1\/2&#8243;][vc_column_text]Come l&#8217;uva anche le olive sono di varie qualit\u00e0, cultivar che spremute producono oli con caratteristiche organolettiche differenti, pi\u00f9 dolci, pi\u00f9 piccanti, pi\u00f9 amari. La nostra ricerca di qualit\u00e0 di questo prodotto ci ha dunque spinti a realizzare una linea di olio extravergine di oliva che tenesse conto delle differenti\u00a0caratteristiche delle cultivar raccogliendole&nbsp;Continue Reading...\" \/>\n<meta property=\"og:url\" content=\"https:\/\/www.montecorno.com\/prodotti-biologici\/olio-extravergine-di-oliva\/\" \/>\n<meta property=\"og:site_name\" content=\"Azienda Agricola Montecorno Belvedere\" \/>\n<meta property=\"article:modified_time\" content=\"2025-11-05T14:04:15+00:00\" \/>\n<meta property=\"og:image\" content=\"https:\/\/www.montecorno.com\/wp-content\/uploads\/olio_evo-1.png\" \/>\n\t<meta property=\"og:image:width\" content=\"550\" \/>\n\t<meta property=\"og:image:height\" content=\"950\" \/>\n\t<meta property=\"og:image:type\" content=\"image\/png\" \/>\n<meta name=\"twitter:label1\" content=\"Gesch\u00e4tzte Lesezeit\" \/>\n\t<meta name=\"twitter:data1\" content=\"3\u00a0Minuten\" \/>\n<script type=\"application\/ld+json\" class=\"yoast-schema-graph\">{\"@context\":\"https:\\\/\\\/schema.org\",\"@graph\":[{\"@type\":\"WebPage\",\"@id\":\"https:\\\/\\\/www.montecorno.com\\\/prodotti-biologici\\\/olio-extravergine-di-oliva\\\/\",\"url\":\"https:\\\/\\\/www.montecorno.com\\\/prodotti-biologici\\\/olio-extravergine-di-oliva\\\/\",\"name\":\"Oliven\u00f6l Extra Vergine - Azienda Agricola Montecorno Belvedere\",\"isPartOf\":{\"@id\":\"https:\\\/\\\/www.montecorno.com\\\/#website\"},\"primaryImageOfPage\":{\"@id\":\"https:\\\/\\\/www.montecorno.com\\\/prodotti-biologici\\\/olio-extravergine-di-oliva\\\/#primaryimage\"},\"image\":{\"@id\":\"https:\\\/\\\/www.montecorno.com\\\/prodotti-biologici\\\/olio-extravergine-di-oliva\\\/#primaryimage\"},\"thumbnailUrl\":\"https:\\\/\\\/www.montecorno.com\\\/wp-content\\\/uploads\\\/olio_evo-1.png\",\"datePublished\":\"2015-05-10T00:02:58+00:00\",\"dateModified\":\"2025-11-05T14:04:15+00:00\",\"breadcrumb\":{\"@id\":\"https:\\\/\\\/www.montecorno.com\\\/prodotti-biologici\\\/olio-extravergine-di-oliva\\\/#breadcrumb\"},\"inLanguage\":\"de\",\"potentialAction\":[{\"@type\":\"ReadAction\",\"target\":[\"https:\\\/\\\/www.montecorno.com\\\/prodotti-biologici\\\/olio-extravergine-di-oliva\\\/\"]}]},{\"@type\":\"ImageObject\",\"inLanguage\":\"de\",\"@id\":\"https:\\\/\\\/www.montecorno.com\\\/prodotti-biologici\\\/olio-extravergine-di-oliva\\\/#primaryimage\",\"url\":\"https:\\\/\\\/www.montecorno.com\\\/wp-content\\\/uploads\\\/olio_evo-1.png\",\"contentUrl\":\"https:\\\/\\\/www.montecorno.com\\\/wp-content\\\/uploads\\\/olio_evo-1.png\"},{\"@type\":\"BreadcrumbList\",\"@id\":\"https:\\\/\\\/www.montecorno.com\\\/prodotti-biologici\\\/olio-extravergine-di-oliva\\\/#breadcrumb\",\"itemListElement\":[{\"@type\":\"ListItem\",\"position\":1,\"name\":\"Home\",\"item\":\"https:\\\/\\\/www.montecorno.com\\\/\"},{\"@type\":\"ListItem\",\"position\":2,\"name\":\"Prodotti Biologici\",\"item\":\"https:\\\/\\\/www.montecorno.com\\\/prodotti-biologici\\\/\"},{\"@type\":\"ListItem\",\"position\":3,\"name\":\"Olio extravergine di oliva\"}]},{\"@type\":\"WebSite\",\"@id\":\"https:\\\/\\\/www.montecorno.com\\\/#website\",\"url\":\"https:\\\/\\\/www.montecorno.com\\\/\",\"name\":\"Azienda Agricola Montecorno Belvedere\",\"description\":\"Appartamenti e prodotti del Garda\",\"publisher\":{\"@id\":\"https:\\\/\\\/www.montecorno.com\\\/#organization\"},\"potentialAction\":[{\"@type\":\"SearchAction\",\"target\":{\"@type\":\"EntryPoint\",\"urlTemplate\":\"https:\\\/\\\/www.montecorno.com\\\/?s={search_term_string}\"},\"query-input\":{\"@type\":\"PropertyValueSpecification\",\"valueRequired\":true,\"valueName\":\"search_term_string\"}}],\"inLanguage\":\"de\"},{\"@type\":\"Organization\",\"@id\":\"https:\\\/\\\/www.montecorno.com\\\/#organization\",\"name\":\"Azienda Agricola Montecorno Belvedere\",\"url\":\"https:\\\/\\\/www.montecorno.com\\\/\",\"logo\":{\"@type\":\"ImageObject\",\"inLanguage\":\"de\",\"@id\":\"https:\\\/\\\/www.montecorno.com\\\/#\\\/schema\\\/logo\\\/image\\\/\",\"url\":\"https:\\\/\\\/www.montecorno.com\\\/wp-content\\\/uploads\\\/logo.png\",\"contentUrl\":\"https:\\\/\\\/www.montecorno.com\\\/wp-content\\\/uploads\\\/logo.png\",\"width\":135,\"height\":150,\"caption\":\"Azienda Agricola Montecorno Belvedere\"},\"image\":{\"@id\":\"https:\\\/\\\/www.montecorno.com\\\/#\\\/schema\\\/logo\\\/image\\\/\"}}]}<\/script>\n<!-- \/ Yoast SEO plugin. -->","yoast_head_json":{"title":"Oliven\u00f6l Extra Vergine - Azienda Agricola Montecorno Belvedere","robots":{"index":"index","follow":"follow","max-snippet":"max-snippet:-1","max-image-preview":"max-image-preview:large","max-video-preview":"max-video-preview:-1"},"canonical":"https:\/\/www.montecorno.com\/prodotti-biologici\/olio-extravergine-di-oliva\/","og_locale":"de_DE","og_type":"article","og_title":"Oliven\u00f6l Extra Vergine - Azienda Agricola Montecorno Belvedere","og_description":"[vc_row][vc_column width=&#8220;1\/2&#8243;][vc_column_text][\/vc_column_text][\/vc_column][vc_column width=&#8220;1\/2&#8243;][vc_column_text]Come l&#8217;uva anche le olive sono di varie qualit\u00e0, cultivar che spremute producono oli con caratteristiche organolettiche differenti, pi\u00f9 dolci, pi\u00f9 piccanti, pi\u00f9 amari. La nostra ricerca di qualit\u00e0 di questo prodotto ci ha dunque spinti a realizzare una linea di olio extravergine di oliva che tenesse conto delle differenti\u00a0caratteristiche delle cultivar raccogliendole&nbsp;Continue Reading...","og_url":"https:\/\/www.montecorno.com\/prodotti-biologici\/olio-extravergine-di-oliva\/","og_site_name":"Azienda Agricola Montecorno Belvedere","article_modified_time":"2025-11-05T14:04:15+00:00","og_image":[{"width":550,"height":950,"url":"https:\/\/www.montecorno.com\/wp-content\/uploads\/olio_evo-1.png","type":"image\/png"}],"twitter_misc":{"Gesch\u00e4tzte Lesezeit":"3\u00a0Minuten"},"schema":{"@context":"https:\/\/schema.org","@graph":[{"@type":"WebPage","@id":"https:\/\/www.montecorno.com\/prodotti-biologici\/olio-extravergine-di-oliva\/","url":"https:\/\/www.montecorno.com\/prodotti-biologici\/olio-extravergine-di-oliva\/","name":"Oliven\u00f6l Extra Vergine - Azienda Agricola Montecorno Belvedere","isPartOf":{"@id":"https:\/\/www.montecorno.com\/#website"},"primaryImageOfPage":{"@id":"https:\/\/www.montecorno.com\/prodotti-biologici\/olio-extravergine-di-oliva\/#primaryimage"},"image":{"@id":"https:\/\/www.montecorno.com\/prodotti-biologici\/olio-extravergine-di-oliva\/#primaryimage"},"thumbnailUrl":"https:\/\/www.montecorno.com\/wp-content\/uploads\/olio_evo-1.png","datePublished":"2015-05-10T00:02:58+00:00","dateModified":"2025-11-05T14:04:15+00:00","breadcrumb":{"@id":"https:\/\/www.montecorno.com\/prodotti-biologici\/olio-extravergine-di-oliva\/#breadcrumb"},"inLanguage":"de","potentialAction":[{"@type":"ReadAction","target":["https:\/\/www.montecorno.com\/prodotti-biologici\/olio-extravergine-di-oliva\/"]}]},{"@type":"ImageObject","inLanguage":"de","@id":"https:\/\/www.montecorno.com\/prodotti-biologici\/olio-extravergine-di-oliva\/#primaryimage","url":"https:\/\/www.montecorno.com\/wp-content\/uploads\/olio_evo-1.png","contentUrl":"https:\/\/www.montecorno.com\/wp-content\/uploads\/olio_evo-1.png"},{"@type":"BreadcrumbList","@id":"https:\/\/www.montecorno.com\/prodotti-biologici\/olio-extravergine-di-oliva\/#breadcrumb","itemListElement":[{"@type":"ListItem","position":1,"name":"Home","item":"https:\/\/www.montecorno.com\/"},{"@type":"ListItem","position":2,"name":"Prodotti Biologici","item":"https:\/\/www.montecorno.com\/prodotti-biologici\/"},{"@type":"ListItem","position":3,"name":"Olio extravergine di oliva"}]},{"@type":"WebSite","@id":"https:\/\/www.montecorno.com\/#website","url":"https:\/\/www.montecorno.com\/","name":"Azienda Agricola Montecorno Belvedere","description":"Appartamenti e prodotti del Garda","publisher":{"@id":"https:\/\/www.montecorno.com\/#organization"},"potentialAction":[{"@type":"SearchAction","target":{"@type":"EntryPoint","urlTemplate":"https:\/\/www.montecorno.com\/?s={search_term_string}"},"query-input":{"@type":"PropertyValueSpecification","valueRequired":true,"valueName":"search_term_string"}}],"inLanguage":"de"},{"@type":"Organization","@id":"https:\/\/www.montecorno.com\/#organization","name":"Azienda Agricola Montecorno Belvedere","url":"https:\/\/www.montecorno.com\/","logo":{"@type":"ImageObject","inLanguage":"de","@id":"https:\/\/www.montecorno.com\/#\/schema\/logo\/image\/","url":"https:\/\/www.montecorno.com\/wp-content\/uploads\/logo.png","contentUrl":"https:\/\/www.montecorno.com\/wp-content\/uploads\/logo.png","width":135,"height":150,"caption":"Azienda Agricola Montecorno Belvedere"},"image":{"@id":"https:\/\/www.montecorno.com\/#\/schema\/logo\/image\/"}}]}},"_links":{"self":[{"href":"https:\/\/www.montecorno.com\/de\/wp-json\/wp\/v2\/pages\/3750","targetHints":{"allow":["GET"]}}],"collection":[{"href":"https:\/\/www.montecorno.com\/de\/wp-json\/wp\/v2\/pages"}],"about":[{"href":"https:\/\/www.montecorno.com\/de\/wp-json\/wp\/v2\/types\/page"}],"author":[{"embeddable":true,"href":"https:\/\/www.montecorno.com\/de\/wp-json\/wp\/v2\/users\/1"}],"replies":[{"embeddable":true,"href":"https:\/\/www.montecorno.com\/de\/wp-json\/wp\/v2\/comments?post=3750"}],"version-history":[{"count":28,"href":"https:\/\/www.montecorno.com\/de\/wp-json\/wp\/v2\/pages\/3750\/revisions"}],"predecessor-version":[{"id":4787,"href":"https:\/\/www.montecorno.com\/de\/wp-json\/wp\/v2\/pages\/3750\/revisions\/4787"}],"up":[{"embeddable":true,"href":"https:\/\/www.montecorno.com\/de\/wp-json\/wp\/v2\/pages\/3393"}],"wp:attachment":[{"href":"https:\/\/www.montecorno.com\/de\/wp-json\/wp\/v2\/media?parent=3750"}],"curies":[{"name":"wp","href":"https:\/\/api.w.org\/{rel}","templated":true}]}}