{"id":3686,"date":"2015-05-06T02:23:57","date_gmt":"2015-05-06T00:23:57","guid":{"rendered":"http:\/\/www.montecorno.com\/?page_id=3686"},"modified":"2023-05-11T20:45:08","modified_gmt":"2023-05-11T18:45:08","slug":"cormino","status":"publish","type":"page","link":"https:\/\/www.montecorno.com\/de\/prodotti-biologici\/cormino\/","title":{"rendered":"Cormino"},"content":{"rendered":"<p>[vc_row][vc_column width=&#8220;1\/4&#8243;][vc_single_image image=&#8220;4649&#8243; img_size=&#8220;full&#8220; alignment=&#8220;center&#8220;][\/vc_column][vc_column width=&#8220;3\/4&#8243;][vc_column_text]<\/p>\n<p style=\"text-align: right;\" align=\"CENTER\"><i>der Wein, der die Gluthitze sucht<\/i><\/p>\n<p><strong>Cormino<\/strong><\/p>\n<p align=\"JUSTIFY\">Der Cormino ist ein Rotwein mit einem intensiv leuchtenden, violett anmutenden Farbton, sehr strukturiert und weich, mit einem Hauch von Quitten, samtig im Geschmack, gerbstoffreich.<\/p>\n<p><a href=\"https:\/\/www.montecorno.com\/wp-content\/uploads\/scheda-vino_CORMINO-1.pdf\" target=\"_blank\" rel=\"https:\/\/www.montecorno.com\/wp-content\/uploads\/scheda-vino_CORMINO-1.pdf noopener\"><img loading=\"lazy\" decoding=\"async\" class=\"alignnone wp-image-3814 size-full\" src=\"http:\/\/www.montecorno.com\/wp-content\/uploads\/ico_pdf.png\" alt=\"Scarica la scheda - Cormino \" width=\"53\" height=\"60\" \/><\/a>[\/vc_column_text][vc_tabs interval=&#8220;0&#8243;][vc_tab title=&#8220;Organoleptische Merkmale&#8220; tab_id=&#8220;1429052618-1-70&#8243;][vc_column_text]<\/p>\n<table style=\"background-color: #fbfbe8; padding: 5px;\" width=\"100%\">\n<tbody style=\"background-color: #fbfbe8;\">\n<tr>\n<td style=\"background-color: #fff9c2;\">Rebsorte<\/td>\n<td style=\"background-color: #fff9c2;\">50% Marzemino 40% Rebo 10%Sangiovese<\/td>\n<\/tr>\n<tr>\n<td>Erzeugungsgebiet<\/td>\n<td>Montecorno &#8211; Desenzano d\/G<\/td>\n<\/tr>\n<tr style=\"background-color: #fff9c2;\">\n<td>Produktion pro Hektar<\/td>\n<td>55 q\/Ha<\/td>\n<\/tr>\n<tr>\n<td>Pflanzdichte<\/td>\n<td>3500 &#8211; 3600 St\u00f6cke\/Ha<\/td>\n<\/tr>\n<tr style=\"background-color: #fff9c2;\">\n<td>H\u00f6he<\/td>\n<td>100 Meter \u00fc.d.M.<\/td>\n<\/tr>\n<tr>\n<td>Mor\u00e4nenboden<\/td>\n<td>mittlerer Dichte, begr\u00fcnt, mit guter Entw\u00e4sserung<\/td>\n<\/tr>\n<tr style=\"background-color: #fff9c2;\">\n<td>Erziehungsform<\/td>\n<td>Spalierreihen mit Rebschnitt nach Gouyot<\/td>\n<\/tr>\n<tr>\n<td>Weinlese<\/td>\n<td>bei Reifung\/sp\u00e4te Weinlese<\/td>\n<\/tr>\n<tr style=\"background-color: #fff9c2;\">\n<td>Weinbereitung<\/td>\n<td>Abbeeren \u2013 Mazeration mit den Beerenschalen f\u00fcr zirka 15 Tage.<br \/>\nAbstich: nur der reine Vorlaufmost. Die Weinbereitung endet in Edelstahltanks bei kontrollierter Temperatur, um Duft und Bouquet zu erhalten.<\/td>\n<\/tr>\n<tr>\n<td>Ausbau<\/td>\n<td>ein Drittel des Produktes wird f\u00fcr ungef\u00e4hr 6 Monate in delikaten Mercier-Barrique F\u00e4ssern ausgebaut und vor dem Abf\u00fcllen mit dem restlichen Produkt vereint.<\/td>\n<\/tr>\n<tr style=\"background-color: #fff9c2;\">\n<td>Ertrag<\/td>\n<td>circa 55 l\/q. Es wird nur der ohne jeglichen Pressdruck ablaufende Vorlaufmost verwendet.<\/td>\n<\/tr>\n<tr>\n<td>Farbe<\/td>\n<td>leuchtend rot<\/td>\n<\/tr>\n<tr style=\"background-color: #fff9c2;\">\n<td>Duft<\/td>\n<td>mit einer leichten Nuance von Quitten<\/td>\n<\/tr>\n<tr>\n<td>Abgerundet<\/td>\n<td>und anhaltend im Geschmack<\/td>\n<\/tr>\n<tr style=\"background-color: #fff9c2;\">\n<td>Trinktemperatur<\/td>\n<td>15\u00b0C<\/td>\n<\/tr>\n<tr>\n<td>Vol\u00b0<\/td>\n<td>13,5% ~<\/td>\n<\/tr>\n<\/tbody>\n<\/table>\n<p>[\/vc_column_text][\/vc_tab][vc_tab title=&#8220;Kombination&#8220; tab_id=&#8220;1429052618-2-94&#8243;][vc_column_text]Passt vorz\u00fcglich zu gebratenem und gegrilltem Fleisch [\/vc_column_text][\/vc_tab][\/vc_tabs][\/vc_column][\/vc_row]<\/p>","protected":false},"excerpt":{"rendered":"<p>[vc_row][vc_column width=&#8220;1\/4&#8243;][vc_single_image image=&#8220;4649&#8243; img_size=&#8220;full&#8220; alignment=&#8220;center&#8220;][\/vc_column][vc_column width=&#8220;3\/4&#8243;][vc_column_text] der Wein, der die Gluthitze sucht Cormino Der Cormino ist ein Rotwein mit einem intensiv leuchtenden, violett anmutenden Farbton, sehr strukturiert und weich, mit einem Hauch von Quitten, samtig im Geschmack, gerbstoffreich. [\/vc_column_text][vc_tabs interval=&#8220;0&#8243;][vc_tab title=&#8220;Organoleptische Merkmale&#8220; tab_id=&#8220;1429052618-1-70&#8243;][vc_column_text] Rebsorte 50% Marzemino 40% Rebo 10%Sangiovese Erzeugungsgebiet Montecorno &#8211; Desenzano d\/G Produktion&nbsp;<\/p>\n<p><a class=\"btn btn-style\" href=\"https:\/\/www.montecorno.com\/de\/prodotti-biologici\/cormino\/\">Continue Reading&#8230;<\/a><\/p>\n","protected":false},"author":1,"featured_media":0,"parent":3393,"menu_order":0,"comment_status":"closed","ping_status":"closed","template":"","meta":{"_exactmetrics_skip_tracking":false,"footnotes":""},"class_list":["post-3686","page","type-page","status-publish","hentry"],"yoast_head":"<!-- This site is optimized with the Yoast SEO plugin v28.3 - https:\/\/yoast.com\/product\/yoast-seo-wordpress\/ -->\n<title>Cormino - Azienda Agricola Montecorno Belvedere<\/title>\n<meta name=\"robots\" content=\"index, follow, max-snippet:-1, max-image-preview:large, max-video-preview:-1\" \/>\n<link rel=\"canonical\" href=\"https:\/\/www.montecorno.com\/prodotti-biologici\/cormino\/\" \/>\n<meta property=\"og:locale\" content=\"de_DE\" \/>\n<meta property=\"og:type\" content=\"article\" \/>\n<meta property=\"og:title\" content=\"Cormino - Azienda Agricola Montecorno Belvedere\" \/>\n<meta property=\"og:description\" content=\"[vc_row][vc_column width=&#8220;1\/4&#8243;][vc_single_image image=&#8220;4649&#8243; img_size=&#8220;full&#8220; alignment=&#8220;center&#8220;][\/vc_column][vc_column width=&#8220;3\/4&#8243;][vc_column_text] der Wein, der die Gluthitze sucht Cormino Der Cormino ist ein Rotwein mit einem intensiv leuchtenden, violett anmutenden Farbton, sehr strukturiert und weich, mit einem Hauch von Quitten, samtig im Geschmack, gerbstoffreich. [\/vc_column_text][vc_tabs interval=&#8220;0&#8243;][vc_tab title=&#8220;Organoleptische Merkmale&#8220; tab_id=&#8220;1429052618-1-70&#8243;][vc_column_text] Rebsorte 50% Marzemino 40% Rebo 10%Sangiovese Erzeugungsgebiet Montecorno &#8211; Desenzano d\/G Produktion&nbsp;Continue Reading...\" \/>\n<meta property=\"og:url\" content=\"https:\/\/www.montecorno.com\/prodotti-biologici\/cormino\/\" \/>\n<meta property=\"og:site_name\" content=\"Azienda Agricola Montecorno Belvedere\" \/>\n<meta property=\"article:modified_time\" content=\"2023-05-11T18:45:08+00:00\" \/>\n<meta property=\"og:image\" content=\"http:\/\/www.montecorno.com\/wp-content\/uploads\/ico_pdf.png\" \/>\n<meta name=\"twitter:label1\" content=\"Gesch\u00e4tzte Lesezeit\" \/>\n\t<meta name=\"twitter:data1\" content=\"2\u00a0Minuten\" \/>\n<script type=\"application\/ld+json\" class=\"yoast-schema-graph\">{\"@context\":\"https:\\\/\\\/schema.org\",\"@graph\":[{\"@type\":\"WebPage\",\"@id\":\"https:\\\/\\\/www.montecorno.com\\\/prodotti-biologici\\\/cormino\\\/\",\"url\":\"https:\\\/\\\/www.montecorno.com\\\/prodotti-biologici\\\/cormino\\\/\",\"name\":\"Cormino - Azienda Agricola Montecorno Belvedere\",\"isPartOf\":{\"@id\":\"https:\\\/\\\/www.montecorno.com\\\/#website\"},\"primaryImageOfPage\":{\"@id\":\"https:\\\/\\\/www.montecorno.com\\\/prodotti-biologici\\\/cormino\\\/#primaryimage\"},\"image\":{\"@id\":\"https:\\\/\\\/www.montecorno.com\\\/prodotti-biologici\\\/cormino\\\/#primaryimage\"},\"thumbnailUrl\":\"http:\\\/\\\/www.montecorno.com\\\/wp-content\\\/uploads\\\/ico_pdf.png\",\"datePublished\":\"2015-05-06T00:23:57+00:00\",\"dateModified\":\"2023-05-11T18:45:08+00:00\",\"breadcrumb\":{\"@id\":\"https:\\\/\\\/www.montecorno.com\\\/prodotti-biologici\\\/cormino\\\/#breadcrumb\"},\"inLanguage\":\"de\",\"potentialAction\":[{\"@type\":\"ReadAction\",\"target\":[\"https:\\\/\\\/www.montecorno.com\\\/prodotti-biologici\\\/cormino\\\/\"]}]},{\"@type\":\"ImageObject\",\"inLanguage\":\"de\",\"@id\":\"https:\\\/\\\/www.montecorno.com\\\/prodotti-biologici\\\/cormino\\\/#primaryimage\",\"url\":\"http:\\\/\\\/www.montecorno.com\\\/wp-content\\\/uploads\\\/ico_pdf.png\",\"contentUrl\":\"http:\\\/\\\/www.montecorno.com\\\/wp-content\\\/uploads\\\/ico_pdf.png\"},{\"@type\":\"BreadcrumbList\",\"@id\":\"https:\\\/\\\/www.montecorno.com\\\/prodotti-biologici\\\/cormino\\\/#breadcrumb\",\"itemListElement\":[{\"@type\":\"ListItem\",\"position\":1,\"name\":\"Home\",\"item\":\"https:\\\/\\\/www.montecorno.com\\\/\"},{\"@type\":\"ListItem\",\"position\":2,\"name\":\"Prodotti Biologici\",\"item\":\"https:\\\/\\\/www.montecorno.com\\\/prodotti-biologici\\\/\"},{\"@type\":\"ListItem\",\"position\":3,\"name\":\"Cormino\"}]},{\"@type\":\"WebSite\",\"@id\":\"https:\\\/\\\/www.montecorno.com\\\/#website\",\"url\":\"https:\\\/\\\/www.montecorno.com\\\/\",\"name\":\"Azienda Agricola Montecorno Belvedere\",\"description\":\"Appartamenti e prodotti del Garda\",\"publisher\":{\"@id\":\"https:\\\/\\\/www.montecorno.com\\\/#organization\"},\"potentialAction\":[{\"@type\":\"SearchAction\",\"target\":{\"@type\":\"EntryPoint\",\"urlTemplate\":\"https:\\\/\\\/www.montecorno.com\\\/?s={search_term_string}\"},\"query-input\":{\"@type\":\"PropertyValueSpecification\",\"valueRequired\":true,\"valueName\":\"search_term_string\"}}],\"inLanguage\":\"de\"},{\"@type\":\"Organization\",\"@id\":\"https:\\\/\\\/www.montecorno.com\\\/#organization\",\"name\":\"Azienda Agricola Montecorno Belvedere\",\"url\":\"https:\\\/\\\/www.montecorno.com\\\/\",\"logo\":{\"@type\":\"ImageObject\",\"inLanguage\":\"de\",\"@id\":\"https:\\\/\\\/www.montecorno.com\\\/#\\\/schema\\\/logo\\\/image\\\/\",\"url\":\"https:\\\/\\\/www.montecorno.com\\\/wp-content\\\/uploads\\\/logo.png\",\"contentUrl\":\"https:\\\/\\\/www.montecorno.com\\\/wp-content\\\/uploads\\\/logo.png\",\"width\":135,\"height\":150,\"caption\":\"Azienda Agricola Montecorno Belvedere\"},\"image\":{\"@id\":\"https:\\\/\\\/www.montecorno.com\\\/#\\\/schema\\\/logo\\\/image\\\/\"}}]}<\/script>\n<!-- \/ Yoast SEO plugin. -->","yoast_head_json":{"title":"Cormino - Azienda Agricola Montecorno Belvedere","robots":{"index":"index","follow":"follow","max-snippet":"max-snippet:-1","max-image-preview":"max-image-preview:large","max-video-preview":"max-video-preview:-1"},"canonical":"https:\/\/www.montecorno.com\/prodotti-biologici\/cormino\/","og_locale":"de_DE","og_type":"article","og_title":"Cormino - Azienda Agricola Montecorno Belvedere","og_description":"[vc_row][vc_column width=&#8220;1\/4&#8243;][vc_single_image image=&#8220;4649&#8243; img_size=&#8220;full&#8220; alignment=&#8220;center&#8220;][\/vc_column][vc_column width=&#8220;3\/4&#8243;][vc_column_text] der Wein, der die Gluthitze sucht Cormino Der Cormino ist ein Rotwein mit einem intensiv leuchtenden, violett anmutenden Farbton, sehr strukturiert und weich, mit einem Hauch von Quitten, samtig im Geschmack, gerbstoffreich. [\/vc_column_text][vc_tabs interval=&#8220;0&#8243;][vc_tab title=&#8220;Organoleptische Merkmale&#8220; tab_id=&#8220;1429052618-1-70&#8243;][vc_column_text] Rebsorte 50% Marzemino 40% Rebo 10%Sangiovese Erzeugungsgebiet Montecorno &#8211; Desenzano d\/G Produktion&nbsp;Continue Reading...","og_url":"https:\/\/www.montecorno.com\/prodotti-biologici\/cormino\/","og_site_name":"Azienda Agricola Montecorno Belvedere","article_modified_time":"2023-05-11T18:45:08+00:00","og_image":[{"url":"http:\/\/www.montecorno.com\/wp-content\/uploads\/ico_pdf.png","type":"","width":"","height":""}],"twitter_misc":{"Gesch\u00e4tzte Lesezeit":"2\u00a0Minuten"},"schema":{"@context":"https:\/\/schema.org","@graph":[{"@type":"WebPage","@id":"https:\/\/www.montecorno.com\/prodotti-biologici\/cormino\/","url":"https:\/\/www.montecorno.com\/prodotti-biologici\/cormino\/","name":"Cormino - Azienda Agricola Montecorno Belvedere","isPartOf":{"@id":"https:\/\/www.montecorno.com\/#website"},"primaryImageOfPage":{"@id":"https:\/\/www.montecorno.com\/prodotti-biologici\/cormino\/#primaryimage"},"image":{"@id":"https:\/\/www.montecorno.com\/prodotti-biologici\/cormino\/#primaryimage"},"thumbnailUrl":"http:\/\/www.montecorno.com\/wp-content\/uploads\/ico_pdf.png","datePublished":"2015-05-06T00:23:57+00:00","dateModified":"2023-05-11T18:45:08+00:00","breadcrumb":{"@id":"https:\/\/www.montecorno.com\/prodotti-biologici\/cormino\/#breadcrumb"},"inLanguage":"de","potentialAction":[{"@type":"ReadAction","target":["https:\/\/www.montecorno.com\/prodotti-biologici\/cormino\/"]}]},{"@type":"ImageObject","inLanguage":"de","@id":"https:\/\/www.montecorno.com\/prodotti-biologici\/cormino\/#primaryimage","url":"http:\/\/www.montecorno.com\/wp-content\/uploads\/ico_pdf.png","contentUrl":"http:\/\/www.montecorno.com\/wp-content\/uploads\/ico_pdf.png"},{"@type":"BreadcrumbList","@id":"https:\/\/www.montecorno.com\/prodotti-biologici\/cormino\/#breadcrumb","itemListElement":[{"@type":"ListItem","position":1,"name":"Home","item":"https:\/\/www.montecorno.com\/"},{"@type":"ListItem","position":2,"name":"Prodotti Biologici","item":"https:\/\/www.montecorno.com\/prodotti-biologici\/"},{"@type":"ListItem","position":3,"name":"Cormino"}]},{"@type":"WebSite","@id":"https:\/\/www.montecorno.com\/#website","url":"https:\/\/www.montecorno.com\/","name":"Azienda Agricola Montecorno Belvedere","description":"Appartamenti e prodotti del Garda","publisher":{"@id":"https:\/\/www.montecorno.com\/#organization"},"potentialAction":[{"@type":"SearchAction","target":{"@type":"EntryPoint","urlTemplate":"https:\/\/www.montecorno.com\/?s={search_term_string}"},"query-input":{"@type":"PropertyValueSpecification","valueRequired":true,"valueName":"search_term_string"}}],"inLanguage":"de"},{"@type":"Organization","@id":"https:\/\/www.montecorno.com\/#organization","name":"Azienda Agricola Montecorno Belvedere","url":"https:\/\/www.montecorno.com\/","logo":{"@type":"ImageObject","inLanguage":"de","@id":"https:\/\/www.montecorno.com\/#\/schema\/logo\/image\/","url":"https:\/\/www.montecorno.com\/wp-content\/uploads\/logo.png","contentUrl":"https:\/\/www.montecorno.com\/wp-content\/uploads\/logo.png","width":135,"height":150,"caption":"Azienda Agricola Montecorno Belvedere"},"image":{"@id":"https:\/\/www.montecorno.com\/#\/schema\/logo\/image\/"}}]}},"_links":{"self":[{"href":"https:\/\/www.montecorno.com\/de\/wp-json\/wp\/v2\/pages\/3686","targetHints":{"allow":["GET"]}}],"collection":[{"href":"https:\/\/www.montecorno.com\/de\/wp-json\/wp\/v2\/pages"}],"about":[{"href":"https:\/\/www.montecorno.com\/de\/wp-json\/wp\/v2\/types\/page"}],"author":[{"embeddable":true,"href":"https:\/\/www.montecorno.com\/de\/wp-json\/wp\/v2\/users\/1"}],"replies":[{"embeddable":true,"href":"https:\/\/www.montecorno.com\/de\/wp-json\/wp\/v2\/comments?post=3686"}],"version-history":[{"count":18,"href":"https:\/\/www.montecorno.com\/de\/wp-json\/wp\/v2\/pages\/3686\/revisions"}],"predecessor-version":[{"id":4650,"href":"https:\/\/www.montecorno.com\/de\/wp-json\/wp\/v2\/pages\/3686\/revisions\/4650"}],"up":[{"embeddable":true,"href":"https:\/\/www.montecorno.com\/de\/wp-json\/wp\/v2\/pages\/3393"}],"wp:attachment":[{"href":"https:\/\/www.montecorno.com\/de\/wp-json\/wp\/v2\/media?parent=3686"}],"curies":[{"name":"wp","href":"https:\/\/api.w.org\/{rel}","templated":true}]}}