{"id":3677,"date":"2015-04-21T22:55:54","date_gmt":"2015-04-21T20:55:54","guid":{"rendered":"http:\/\/www.montecorno.com\/?page_id=3677"},"modified":"2025-11-05T15:15:46","modified_gmt":"2025-11-05T14:15:46","slug":"bordo","status":"publish","type":"page","link":"https:\/\/www.montecorno.com\/de\/prodotti-biologici\/bordo\/","title":{"rendered":"Bord\u00f2"},"content":{"rendered":"<p>[vc_row][vc_column width=&#8220;1\/4&#8243;][vc_single_image image=&#8220;4643&#8243; img_size=&#8220;full&#8220; alignment=&#8220;center&#8220;][\/vc_column][vc_column width=&#8220;3\/4&#8243;][vc_column_text]<\/p>\n<p style=\"text-align: right;\" align=\"CENTER\"><i>Ein tiefsinniger Wein<\/i><\/p>\n<p><strong>Bord\u00f2<\/strong><\/p>\n<p align=\"JUSTIFY\">Der Bord\u00f2 ist ein Meditationswein von intensiv roter Farbe mit purpurnen Nuancen, stark strukturiert, mit einer leichten Note vollreifer Kirschen.<\/p>\n<p align=\"JUSTIFY\">Bei der Auslese der Trauben f\u00fcr diesen Wein haben wir versucht, einen Tropfen zu erhalten, der dem bekannteren franz\u00f6sischen Bourgogne ebenb\u00fcrtig ist.<\/p>\n<p>[\/vc_column_text][vc_tabs interval=&#8220;0&#8243;][vc_tab title=&#8220;Organoleptische Merkmale&#8220; tab_id=&#8220;1429052618-1-70&#8243;][vc_column_text]<\/p>\n<table style=\"background-color: #fbfbe8; padding: 5px;\" width=\"100%\">\n<tbody style=\"background-color: #fbfbe8;\">\n<tr>\n<td style=\"background-color: #fff9c2;\">Rebsorte<\/td>\n<td style=\"background-color: #fff9c2;\">90% Cabernet sauvignon 10% Merlot<\/td>\n<\/tr>\n<tr>\n<td>Herstellungsgebiet<\/td>\n<td>Montecorno &#8211; Desenzano d\/G<\/td>\n<\/tr>\n<tr style=\"background-color: #fff9c2;\">\n<td>Produktion pro Hektar<\/td>\n<td>45 q\/Ha<\/td>\n<\/tr>\n<tr>\n<td>Pflanzdichte<\/td>\n<td>3200-3400 St\u00e4mme \/Ha<\/td>\n<\/tr>\n<tr style=\"background-color: #fff9c2;\">\n<td>H\u00f6he<\/td>\n<td>110 Meter \u00fc.d.M.<\/td>\n<\/tr>\n<tr>\n<td>Mor\u00e4nenboden<\/td>\n<td>mittlerer Dichte, begr\u00fcnt, mit guter Entw\u00e4sserung<\/td>\n<\/tr>\n<tr style=\"background-color: #fff9c2;\">\n<td>Erziehungsform<\/td>\n<td>Spaliererziehung mit Anschnitt im Zapfenkordon<\/td>\n<\/tr>\n<tr>\n<td>Sp\u00e4te<\/td>\n<td>Weinlese<\/td>\n<\/tr>\n<tr style=\"background-color: #fff9c2;\">\n<td>Weinbereitung<\/td>\n<td>Abbeeren \u2013 Maischen in Kaltmazeration mit den Beerenschalen f\u00fcr zirka 18 Tage \u2013 Abstich und schonendes Pressen. Die Weinbereitung endet in Edelstahltanks bei kontrollierter Temperatur, um Aroma und Bouquet zu erhalten. Ungef\u00e4hr 10 Monate Ausbau in Barriquef\u00e4ssern der franz\u00f6sischen Traditionshersteller Mercier.<\/td>\n<\/tr>\n<tr>\n<td>Affinamento<\/td>\n<td>circa 10 mesi in barrique mercier delicate<\/td>\n<\/tr>\n<tr style=\"background-color: #fff9c2;\">\n<td>Ertrag<\/td>\n<td>ca. 60 l\/q<\/td>\n<\/tr>\n<tr>\n<td>Farbe<\/td>\n<td>purpurrot<\/td>\n<\/tr>\n<tr style=\"background-color: #fff9c2;\">\n<td>Duft<\/td>\n<td>nach reifer Kirsche<\/td>\n<\/tr>\n<tr>\n<td>Weich<\/td>\n<td>und entschieden im Geschmack<\/td>\n<\/tr>\n<tr style=\"background-color: #fff9c2;\">\n<td>Trinktemperatur<\/td>\n<td>15\u00b0C<\/td>\n<\/tr>\n<tr>\n<td>Vol\u00b0<\/td>\n<td>13,5% ~15,5%<\/td>\n<\/tr>\n<\/tbody>\n<\/table>\n<p>Available\u00a0 2017 and 2022<\/p>\n<p><strong>INFORMAZIONI AGGIUNTIVE<\/strong><br \/>\nNon disperdere nell&#8217;ambiente, verifica le disposizioni del tuo comune<br \/>\nBottiglia: Vetro 71 GL<br \/>\nTappo: Sughero FOR 51<br \/>\nCapsula: PVC\/Alluminio C\/PVC90[\/vc_column_text][\/vc_tab][vc_tab title=&#8220;Kombination&#8220; tab_id=&#8220;1429052618-2-94&#8243;][vc_column_text]Ideal als Meditationswein, schmeckt optimal zu Kastanien oder Vignola-Kirschen, je nach Saison[\/vc_column_text][\/vc_tab][\/vc_tabs][\/vc_column][\/vc_row]<\/p>","protected":false},"excerpt":{"rendered":"<p>[vc_row][vc_column width=&#8220;1\/4&#8243;][vc_single_image image=&#8220;4643&#8243; img_size=&#8220;full&#8220; alignment=&#8220;center&#8220;][\/vc_column][vc_column width=&#8220;3\/4&#8243;][vc_column_text] Ein tiefsinniger Wein Bord\u00f2 Der Bord\u00f2 ist ein Meditationswein von intensiv roter Farbe mit purpurnen Nuancen, stark strukturiert, mit einer leichten Note vollreifer Kirschen. Bei der Auslese der Trauben f\u00fcr diesen Wein haben wir versucht, einen Tropfen zu erhalten, der dem bekannteren franz\u00f6sischen Bourgogne ebenb\u00fcrtig ist. [\/vc_column_text][vc_tabs interval=&#8220;0&#8243;][vc_tab title=&#8220;Organoleptische&nbsp;<\/p>\n<p><a class=\"btn btn-style\" href=\"https:\/\/www.montecorno.com\/de\/prodotti-biologici\/bordo\/\">Continue Reading&#8230;<\/a><\/p>\n","protected":false},"author":1,"featured_media":0,"parent":3393,"menu_order":0,"comment_status":"closed","ping_status":"open","template":"","meta":{"_exactmetrics_skip_tracking":false,"footnotes":""},"class_list":["post-3677","page","type-page","status-publish","hentry"],"yoast_head":"<!-- This site is optimized with the Yoast SEO plugin v28.3 - https:\/\/yoast.com\/product\/yoast-seo-wordpress\/ -->\n<title>Bord\u00f2 - Azienda Agricola Montecorno Belvedere<\/title>\n<meta name=\"robots\" content=\"index, follow, max-snippet:-1, max-image-preview:large, max-video-preview:-1\" \/>\n<link rel=\"canonical\" href=\"https:\/\/www.montecorno.com\/prodotti-biologici\/bordo\/\" \/>\n<meta property=\"og:locale\" content=\"de_DE\" \/>\n<meta property=\"og:type\" content=\"article\" \/>\n<meta property=\"og:title\" content=\"Bord\u00f2 - Azienda Agricola Montecorno Belvedere\" \/>\n<meta property=\"og:description\" content=\"[vc_row][vc_column width=&#8220;1\/4&#8243;][vc_single_image image=&#8220;4643&#8243; img_size=&#8220;full&#8220; alignment=&#8220;center&#8220;][\/vc_column][vc_column width=&#8220;3\/4&#8243;][vc_column_text] Ein tiefsinniger Wein Bord\u00f2 Der Bord\u00f2 ist ein Meditationswein von intensiv roter Farbe mit purpurnen Nuancen, stark strukturiert, mit einer leichten Note vollreifer Kirschen. Bei der Auslese der Trauben f\u00fcr diesen Wein haben wir versucht, einen Tropfen zu erhalten, der dem bekannteren franz\u00f6sischen Bourgogne ebenb\u00fcrtig ist. [\/vc_column_text][vc_tabs interval=&#8220;0&#8243;][vc_tab title=&#8220;Organoleptische&nbsp;Continue Reading...\" \/>\n<meta property=\"og:url\" content=\"https:\/\/www.montecorno.com\/prodotti-biologici\/bordo\/\" \/>\n<meta property=\"og:site_name\" content=\"Azienda Agricola Montecorno Belvedere\" \/>\n<meta property=\"article:modified_time\" content=\"2025-11-05T14:15:46+00:00\" \/>\n<meta name=\"twitter:label1\" content=\"Gesch\u00e4tzte Lesezeit\" \/>\n\t<meta name=\"twitter:data1\" content=\"2\u00a0Minuten\" \/>\n<script type=\"application\/ld+json\" class=\"yoast-schema-graph\">{\"@context\":\"https:\\\/\\\/schema.org\",\"@graph\":[{\"@type\":\"WebPage\",\"@id\":\"https:\\\/\\\/www.montecorno.com\\\/prodotti-biologici\\\/bordo\\\/\",\"url\":\"https:\\\/\\\/www.montecorno.com\\\/prodotti-biologici\\\/bordo\\\/\",\"name\":\"Bord\u00f2 - Azienda Agricola Montecorno Belvedere\",\"isPartOf\":{\"@id\":\"https:\\\/\\\/www.montecorno.com\\\/#website\"},\"primaryImageOfPage\":{\"@id\":\"https:\\\/\\\/www.montecorno.com\\\/prodotti-biologici\\\/bordo\\\/#primaryimage\"},\"image\":{\"@id\":\"https:\\\/\\\/www.montecorno.com\\\/prodotti-biologici\\\/bordo\\\/#primaryimage\"},\"thumbnailUrl\":\"http:\\\/\\\/www.montecorno.com\\\/wp-content\\\/uploads\\\/garda_sauvignon_montecorno.png\",\"datePublished\":\"2015-04-21T20:55:54+00:00\",\"dateModified\":\"2025-11-05T14:15:46+00:00\",\"breadcrumb\":{\"@id\":\"https:\\\/\\\/www.montecorno.com\\\/prodotti-biologici\\\/bordo\\\/#breadcrumb\"},\"inLanguage\":\"de\",\"potentialAction\":[{\"@type\":\"ReadAction\",\"target\":[\"https:\\\/\\\/www.montecorno.com\\\/prodotti-biologici\\\/bordo\\\/\"]}]},{\"@type\":\"ImageObject\",\"inLanguage\":\"de\",\"@id\":\"https:\\\/\\\/www.montecorno.com\\\/prodotti-biologici\\\/bordo\\\/#primaryimage\",\"url\":\"http:\\\/\\\/www.montecorno.com\\\/wp-content\\\/uploads\\\/garda_sauvignon_montecorno.png\",\"contentUrl\":\"http:\\\/\\\/www.montecorno.com\\\/wp-content\\\/uploads\\\/garda_sauvignon_montecorno.png\"},{\"@type\":\"BreadcrumbList\",\"@id\":\"https:\\\/\\\/www.montecorno.com\\\/prodotti-biologici\\\/bordo\\\/#breadcrumb\",\"itemListElement\":[{\"@type\":\"ListItem\",\"position\":1,\"name\":\"Home\",\"item\":\"https:\\\/\\\/www.montecorno.com\\\/\"},{\"@type\":\"ListItem\",\"position\":2,\"name\":\"Prodotti Biologici\",\"item\":\"https:\\\/\\\/www.montecorno.com\\\/prodotti-biologici\\\/\"},{\"@type\":\"ListItem\",\"position\":3,\"name\":\"Bord\u00f2\"}]},{\"@type\":\"WebSite\",\"@id\":\"https:\\\/\\\/www.montecorno.com\\\/#website\",\"url\":\"https:\\\/\\\/www.montecorno.com\\\/\",\"name\":\"Azienda Agricola Montecorno Belvedere\",\"description\":\"Appartamenti e prodotti del Garda\",\"publisher\":{\"@id\":\"https:\\\/\\\/www.montecorno.com\\\/#organization\"},\"potentialAction\":[{\"@type\":\"SearchAction\",\"target\":{\"@type\":\"EntryPoint\",\"urlTemplate\":\"https:\\\/\\\/www.montecorno.com\\\/?s={search_term_string}\"},\"query-input\":{\"@type\":\"PropertyValueSpecification\",\"valueRequired\":true,\"valueName\":\"search_term_string\"}}],\"inLanguage\":\"de\"},{\"@type\":\"Organization\",\"@id\":\"https:\\\/\\\/www.montecorno.com\\\/#organization\",\"name\":\"Azienda Agricola Montecorno Belvedere\",\"url\":\"https:\\\/\\\/www.montecorno.com\\\/\",\"logo\":{\"@type\":\"ImageObject\",\"inLanguage\":\"de\",\"@id\":\"https:\\\/\\\/www.montecorno.com\\\/#\\\/schema\\\/logo\\\/image\\\/\",\"url\":\"https:\\\/\\\/www.montecorno.com\\\/wp-content\\\/uploads\\\/logo.png\",\"contentUrl\":\"https:\\\/\\\/www.montecorno.com\\\/wp-content\\\/uploads\\\/logo.png\",\"width\":135,\"height\":150,\"caption\":\"Azienda Agricola Montecorno Belvedere\"},\"image\":{\"@id\":\"https:\\\/\\\/www.montecorno.com\\\/#\\\/schema\\\/logo\\\/image\\\/\"}}]}<\/script>\n<!-- \/ Yoast SEO plugin. -->","yoast_head_json":{"title":"Bord\u00f2 - Azienda Agricola Montecorno Belvedere","robots":{"index":"index","follow":"follow","max-snippet":"max-snippet:-1","max-image-preview":"max-image-preview:large","max-video-preview":"max-video-preview:-1"},"canonical":"https:\/\/www.montecorno.com\/prodotti-biologici\/bordo\/","og_locale":"de_DE","og_type":"article","og_title":"Bord\u00f2 - Azienda Agricola Montecorno Belvedere","og_description":"[vc_row][vc_column width=&#8220;1\/4&#8243;][vc_single_image image=&#8220;4643&#8243; img_size=&#8220;full&#8220; alignment=&#8220;center&#8220;][\/vc_column][vc_column width=&#8220;3\/4&#8243;][vc_column_text] Ein tiefsinniger Wein Bord\u00f2 Der Bord\u00f2 ist ein Meditationswein von intensiv roter Farbe mit purpurnen Nuancen, stark strukturiert, mit einer leichten Note vollreifer Kirschen. Bei der Auslese der Trauben f\u00fcr diesen Wein haben wir versucht, einen Tropfen zu erhalten, der dem bekannteren franz\u00f6sischen Bourgogne ebenb\u00fcrtig ist. [\/vc_column_text][vc_tabs interval=&#8220;0&#8243;][vc_tab title=&#8220;Organoleptische&nbsp;Continue Reading...","og_url":"https:\/\/www.montecorno.com\/prodotti-biologici\/bordo\/","og_site_name":"Azienda Agricola Montecorno Belvedere","article_modified_time":"2025-11-05T14:15:46+00:00","twitter_misc":{"Gesch\u00e4tzte Lesezeit":"2\u00a0Minuten"},"schema":{"@context":"https:\/\/schema.org","@graph":[{"@type":"WebPage","@id":"https:\/\/www.montecorno.com\/prodotti-biologici\/bordo\/","url":"https:\/\/www.montecorno.com\/prodotti-biologici\/bordo\/","name":"Bord\u00f2 - Azienda Agricola Montecorno Belvedere","isPartOf":{"@id":"https:\/\/www.montecorno.com\/#website"},"primaryImageOfPage":{"@id":"https:\/\/www.montecorno.com\/prodotti-biologici\/bordo\/#primaryimage"},"image":{"@id":"https:\/\/www.montecorno.com\/prodotti-biologici\/bordo\/#primaryimage"},"thumbnailUrl":"http:\/\/www.montecorno.com\/wp-content\/uploads\/garda_sauvignon_montecorno.png","datePublished":"2015-04-21T20:55:54+00:00","dateModified":"2025-11-05T14:15:46+00:00","breadcrumb":{"@id":"https:\/\/www.montecorno.com\/prodotti-biologici\/bordo\/#breadcrumb"},"inLanguage":"de","potentialAction":[{"@type":"ReadAction","target":["https:\/\/www.montecorno.com\/prodotti-biologici\/bordo\/"]}]},{"@type":"ImageObject","inLanguage":"de","@id":"https:\/\/www.montecorno.com\/prodotti-biologici\/bordo\/#primaryimage","url":"http:\/\/www.montecorno.com\/wp-content\/uploads\/garda_sauvignon_montecorno.png","contentUrl":"http:\/\/www.montecorno.com\/wp-content\/uploads\/garda_sauvignon_montecorno.png"},{"@type":"BreadcrumbList","@id":"https:\/\/www.montecorno.com\/prodotti-biologici\/bordo\/#breadcrumb","itemListElement":[{"@type":"ListItem","position":1,"name":"Home","item":"https:\/\/www.montecorno.com\/"},{"@type":"ListItem","position":2,"name":"Prodotti Biologici","item":"https:\/\/www.montecorno.com\/prodotti-biologici\/"},{"@type":"ListItem","position":3,"name":"Bord\u00f2"}]},{"@type":"WebSite","@id":"https:\/\/www.montecorno.com\/#website","url":"https:\/\/www.montecorno.com\/","name":"Azienda Agricola Montecorno Belvedere","description":"Appartamenti e prodotti del Garda","publisher":{"@id":"https:\/\/www.montecorno.com\/#organization"},"potentialAction":[{"@type":"SearchAction","target":{"@type":"EntryPoint","urlTemplate":"https:\/\/www.montecorno.com\/?s={search_term_string}"},"query-input":{"@type":"PropertyValueSpecification","valueRequired":true,"valueName":"search_term_string"}}],"inLanguage":"de"},{"@type":"Organization","@id":"https:\/\/www.montecorno.com\/#organization","name":"Azienda Agricola Montecorno Belvedere","url":"https:\/\/www.montecorno.com\/","logo":{"@type":"ImageObject","inLanguage":"de","@id":"https:\/\/www.montecorno.com\/#\/schema\/logo\/image\/","url":"https:\/\/www.montecorno.com\/wp-content\/uploads\/logo.png","contentUrl":"https:\/\/www.montecorno.com\/wp-content\/uploads\/logo.png","width":135,"height":150,"caption":"Azienda Agricola Montecorno Belvedere"},"image":{"@id":"https:\/\/www.montecorno.com\/#\/schema\/logo\/image\/"}}]}},"_links":{"self":[{"href":"https:\/\/www.montecorno.com\/de\/wp-json\/wp\/v2\/pages\/3677","targetHints":{"allow":["GET"]}}],"collection":[{"href":"https:\/\/www.montecorno.com\/de\/wp-json\/wp\/v2\/pages"}],"about":[{"href":"https:\/\/www.montecorno.com\/de\/wp-json\/wp\/v2\/types\/page"}],"author":[{"embeddable":true,"href":"https:\/\/www.montecorno.com\/de\/wp-json\/wp\/v2\/users\/1"}],"replies":[{"embeddable":true,"href":"https:\/\/www.montecorno.com\/de\/wp-json\/wp\/v2\/comments?post=3677"}],"version-history":[{"count":29,"href":"https:\/\/www.montecorno.com\/de\/wp-json\/wp\/v2\/pages\/3677\/revisions"}],"predecessor-version":[{"id":4794,"href":"https:\/\/www.montecorno.com\/de\/wp-json\/wp\/v2\/pages\/3677\/revisions\/4794"}],"up":[{"embeddable":true,"href":"https:\/\/www.montecorno.com\/de\/wp-json\/wp\/v2\/pages\/3393"}],"wp:attachment":[{"href":"https:\/\/www.montecorno.com\/de\/wp-json\/wp\/v2\/media?parent=3677"}],"curies":[{"name":"wp","href":"https:\/\/api.w.org\/{rel}","templated":true}]}}