{"id":3216,"date":"2015-03-09T17:29:32","date_gmt":"2015-03-09T16:29:32","guid":{"rendered":"http:\/\/www.montecorno.com\/?page_id=3216"},"modified":"2019-01-16T15:09:29","modified_gmt":"2019-01-16T14:09:29","slug":"cascina","status":"publish","type":"page","link":"https:\/\/www.montecorno.com\/de\/cascina\/","title":{"rendered":"Der Gutshof"},"content":{"rendered":"<p>[vc_row][vc_column][rev_slider_vc alias=&#8220;cascina_ln&#8220;][vc_empty_space][vc_column_text]Der Gutshof, Baujahr 1899, wurde von uns vollst\u00e4ndig renoviert.<\/p>\n<p>Charakteristisch ist der Mehrzwecksaal, wo, in m\u00fchevoller Arbeit, die urspr\u00fcngliche Gew\u00f6lbedecke und die Steinmauer freigelegt wurden.<\/p>\n<p>Die zum Gardasee ausgerichtete Laube wurde von den Sch\u00fclerinnen und Sch\u00fclern der Mail\u00e4nder Malschule \u201eSan Luca\u201c im Jahre 1992 mit Fresken dekoriert.<\/p>\n<p>Von der auf den Olivenhain ausgerichteten Laube gelangt man zur Dreizimmerwohnung, zum Keller und zum Lagerraum f\u00fcr Wein und \u00d6l.<\/p>\n<p>Das zuletzt renovierte Geb\u00e4ude (wei\u00dfes Haus) beherbergt zwei Garconnieren.<\/p>\n<p>GEMEINSCHAFTSBEREICHE:<\/p>\n<ul>\n<li>\u00a0<strong>Mehrzwecksaal <\/strong>(40 m2) f\u00fcr Verkostungen, Seminare, Musik (Klavier verf\u00fcgbar), WLAN,\u00a0durch einen sch\u00f6nen Steinbrunnen geschm\u00fcckt,\u00a0malereien und Handarbeiten unserer G\u00e4ste<\/li>\n<li><strong>Laube mit Seeblick<\/strong>, ausgestattet mit Musikpodium f\u00fcr Events<\/li>\n<li><strong>Musikraum<\/strong> (30 m\u00b2), akustisch isoliert eine kleine Zeitschriftensammlung und eine Kinderspielecke, ausstattung: Schlagzeug, auch f\u00fcr Kinder, Verst\u00e4rker und Mikrophon<\/li>\n<li><strong>Spielwiese\u00a0<\/strong>mit Schwimmbad<\/li>\n<li><strong>Grill<\/strong> in der Wiese mit BBQ- Lokomotive<\/li>\n<li><strong>Waschraum<\/strong>, W\u00e4schetrockner vorhanden<\/li>\n<li><strong>Bio-Gem\u00fcsegarten<\/strong>, wo Sie frisches Gem\u00fcse ernten k\u00f6nnen<\/li>\n<li><strong>Fahrr\u00e4der<\/strong> f\u00fcr G\u00e4ste, auch <strong>Mountain Bikes<\/strong><\/li>\n<li><strong>Parkpl\u00e4tze<\/strong> an der Unterkunft<\/li>\n<\/ul>\n<p>[\/vc_column_text][\/vc_column][\/vc_row][vc_row][vc_column]<ul id=\"portfolio-filter\" class=\"portfolio-filter text-center\"><li><a class=\"btn btn-default active\" href=\"#\" data-filter=\"*\">All<\/a><\/li><li><a class=\"btn btn-default\" href=\"#\" data-filter=\".bici\">Fahrr\u00e4der<\/a><\/li><li><a class=\"btn btn-default\" href=\"#\" data-filter=\".lavanderia\">W\u00e4sche<\/a><\/li><li><a class=\"btn btn-default\" href=\"#\" data-filter=\".natale\">Einheimische<\/a><\/li><li><a class=\"btn btn-default\" href=\"#\" data-filter=\".orto-bio\">Biologischer Garten<\/a><\/li><li><a class=\"btn btn-default\" href=\"#\" data-filter=\".piscina\">Schwimmbad<\/a><\/li><li><a class=\"btn btn-default\" href=\"#\" data-filter=\".musica\">Musikraum<\/a><\/li><li><a class=\"btn btn-default\" href=\"#\" data-filter=\".sala\">Mehrzwecksaal<\/a><\/li><li><a class=\"btn btn-default\" href=\"#\" data-filter=\".esterno\">Einrichtungen im Freien<\/a><\/li><\/ul><ul id=\"themeum-area\" class=\"portfolio-items col-5\"><li class=\"themeum-post-item portfolio-item natale\"><div class=\"portfolio-thumb-wrapper\"><div class=\"portfolio-thumb\"><img decoding=\"async\" class=\"img-responsive\" src=\"https:\/\/www.montecorno.com\/wp-content\/uploads\/cesti_natale-380x250.jpg\"  alt=\"\"><\/div><div class=\"thumb-overlay\"><a class=\"folio-read-more\" href=\"https:\/\/www.montecorno.com\/de\/portfolio\/cesti-natalizi\/\"><i class=\"fa fa-link\"><\/i><\/a><a data-rel=\"prettyPhoto[pp_gal]\" class=\"btn-preview\" href=\"https:\/\/www.montecorno.com\/wp-content\/uploads\/cesti_natale.jpg\"><i class=\"fa fa-search-plus\"><\/i><\/a><\/div><\/div><div class=\"portfolio-item-content\"><h3 class=\"portfolio-title\"><a href=\"https:\/\/www.montecorno.com\/de\/portfolio\/cesti-natalizi\/\">Christmas Baskets<\/a><\/h3><span class=\"portfolio-category\">natale<\/span><\/div><\/li><li class=\"themeum-post-item portfolio-item piscina\"><div class=\"portfolio-thumb-wrapper\"><div class=\"portfolio-thumb\"><img decoding=\"async\" class=\"img-responsive\" src=\"https:\/\/www.montecorno.com\/wp-content\/uploads\/piscina_montecorno-380x250.jpg\"  alt=\"\"><\/div><div class=\"thumb-overlay\"><a class=\"folio-read-more\" href=\"https:\/\/www.montecorno.com\/de\/portfolio\/piscina-2\/\"><i class=\"fa fa-link\"><\/i><\/a><a data-rel=\"prettyPhoto[pp_gal]\" class=\"btn-preview\" href=\"https:\/\/www.montecorno.com\/wp-content\/uploads\/piscina_montecorno.jpg\"><i class=\"fa fa-search-plus\"><\/i><\/a><\/div><\/div><div class=\"portfolio-item-content\"><h3 class=\"portfolio-title\"><a href=\"https:\/\/www.montecorno.com\/de\/portfolio\/piscina-2\/\">Schwimmbad<\/a><\/h3><span class=\"portfolio-category\">piscina<\/span><\/div><\/li><li class=\"themeum-post-item portfolio-item lavanderia\"><div class=\"portfolio-thumb-wrapper\"><div class=\"portfolio-thumb\"><img decoding=\"async\" class=\"img-responsive\" src=\"https:\/\/www.montecorno.com\/wp-content\/uploads\/lavanderia-380x250.jpg\"  alt=\"\"><\/div><div class=\"thumb-overlay\"><a class=\"folio-read-more\" href=\"https:\/\/www.montecorno.com\/de\/portfolio\/lavanderia\/\"><i class=\"fa fa-link\"><\/i><\/a><a data-rel=\"prettyPhoto[pp_gal]\" class=\"btn-preview\" href=\"https:\/\/www.montecorno.com\/wp-content\/uploads\/lavanderia.jpg\"><i class=\"fa fa-search-plus\"><\/i><\/a><\/div><\/div><div class=\"portfolio-item-content\"><h3 class=\"portfolio-title\"><a href=\"https:\/\/www.montecorno.com\/de\/portfolio\/lavanderia\/\">Waschraum<\/a><\/h3><span class=\"portfolio-category\">lavanderia<\/span><\/div><\/li><li class=\"themeum-post-item portfolio-item orto-bio\"><div class=\"portfolio-thumb-wrapper\"><div class=\"portfolio-thumb\"><img decoding=\"async\" class=\"img-responsive\" src=\"https:\/\/www.montecorno.com\/wp-content\/uploads\/orto_biologico-380x250.jpg\"  alt=\"\"><\/div><div class=\"thumb-overlay\"><a class=\"folio-read-more\" href=\"https:\/\/www.montecorno.com\/de\/portfolio\/orto-biologico\/\"><i class=\"fa fa-link\"><\/i><\/a><a data-rel=\"prettyPhoto[pp_gal]\" class=\"btn-preview\" href=\"https:\/\/www.montecorno.com\/wp-content\/uploads\/orto_biologico.jpg\"><i class=\"fa fa-search-plus\"><\/i><\/a><\/div><\/div><div class=\"portfolio-item-content\"><h3 class=\"portfolio-title\"><a href=\"https:\/\/www.montecorno.com\/de\/portfolio\/orto-biologico\/\">Bio-Gem\u00fcsegarten<\/a><\/h3><span class=\"portfolio-category\">orto-bio<\/span><\/div><\/li><li class=\"themeum-post-item portfolio-item bici\"><div class=\"portfolio-thumb-wrapper\"><div class=\"portfolio-thumb\"><img decoding=\"async\" class=\"img-responsive\" src=\"https:\/\/www.montecorno.com\/wp-content\/uploads\/biciclette-380x250.jpg\"  alt=\"\"><\/div><div class=\"thumb-overlay\"><a class=\"folio-read-more\" href=\"https:\/\/www.montecorno.com\/de\/portfolio\/biciclette\/\"><i class=\"fa fa-link\"><\/i><\/a><a data-rel=\"prettyPhoto[pp_gal]\" class=\"btn-preview\" href=\"https:\/\/www.montecorno.com\/wp-content\/uploads\/biciclette.jpg\"><i class=\"fa fa-search-plus\"><\/i><\/a><\/div><\/div><div class=\"portfolio-item-content\"><h3 class=\"portfolio-title\"><a href=\"https:\/\/www.montecorno.com\/de\/portfolio\/biciclette\/\">Fahrr\u00e4der<\/a><\/h3><span class=\"portfolio-category\">bici<\/span><\/div><\/li><li class=\"themeum-post-item portfolio-item esterno\"><div class=\"portfolio-thumb-wrapper\"><div class=\"portfolio-thumb\"><img decoding=\"async\" class=\"img-responsive\" src=\"https:\/\/www.montecorno.com\/wp-content\/uploads\/giochi_nel_prato-380x250.jpg\"  alt=\"\"><\/div><div class=\"thumb-overlay\"><a class=\"folio-read-more\" href=\"https:\/\/www.montecorno.com\/de\/portfolio\/spazio-giochi-nel-prato\/\"><i class=\"fa fa-link\"><\/i><\/a><a data-rel=\"prettyPhoto[pp_gal]\" class=\"btn-preview\" href=\"https:\/\/www.montecorno.com\/wp-content\/uploads\/giochi_nel_prato.jpg\"><i class=\"fa fa-search-plus\"><\/i><\/a><\/div><\/div><div class=\"portfolio-item-content\"><h3 class=\"portfolio-title\"><a href=\"https:\/\/www.montecorno.com\/de\/portfolio\/spazio-giochi-nel-prato\/\">Spielwiese<\/a><\/h3><span class=\"portfolio-category\">esterno<\/span><\/div><\/li><li class=\"themeum-post-item portfolio-item esterno\"><div class=\"portfolio-thumb-wrapper\"><div class=\"portfolio-thumb\"><img decoding=\"async\" class=\"img-responsive\" src=\"https:\/\/www.montecorno.com\/wp-content\/uploads\/giochi_nel_prato2-380x250.jpg\"  alt=\"\"><\/div><div class=\"thumb-overlay\"><a class=\"folio-read-more\" href=\"https:\/\/www.montecorno.com\/de\/portfolio\/scivolo\/\"><i class=\"fa fa-link\"><\/i><\/a><a data-rel=\"prettyPhoto[pp_gal]\" class=\"btn-preview\" href=\"https:\/\/www.montecorno.com\/wp-content\/uploads\/giochi_nel_prato2.jpg\"><i class=\"fa fa-search-plus\"><\/i><\/a><\/div><\/div><div class=\"portfolio-item-content\"><h3 class=\"portfolio-title\"><a href=\"https:\/\/www.montecorno.com\/de\/portfolio\/scivolo\/\">Kinderrutsche<\/a><\/h3><span class=\"portfolio-category\">esterno<\/span><\/div><\/li><li class=\"themeum-post-item portfolio-item esterno\"><div class=\"portfolio-thumb-wrapper\"><div class=\"portfolio-thumb\"><img decoding=\"async\" class=\"img-responsive\" src=\"https:\/\/www.montecorno.com\/wp-content\/uploads\/barbecue-380x250.jpg\"  alt=\"\"><\/div><div class=\"thumb-overlay\"><a class=\"folio-read-more\" href=\"https:\/\/www.montecorno.com\/de\/portfolio\/barbecue\/\"><i class=\"fa fa-link\"><\/i><\/a><a data-rel=\"prettyPhoto[pp_gal]\" class=\"btn-preview\" href=\"https:\/\/www.montecorno.com\/wp-content\/uploads\/barbecue.jpg\"><i class=\"fa fa-search-plus\"><\/i><\/a><\/div><\/div><div class=\"portfolio-item-content\"><h3 class=\"portfolio-title\"><a href=\"https:\/\/www.montecorno.com\/de\/portfolio\/barbecue\/\">BBQ<\/a><\/h3><span class=\"portfolio-category\">esterno<\/span><\/div><\/li><li class=\"themeum-post-item portfolio-item musica\"><div class=\"portfolio-thumb-wrapper\"><div class=\"portfolio-thumb\"><img decoding=\"async\" class=\"img-responsive\" src=\"https:\/\/www.montecorno.com\/wp-content\/uploads\/sala_musica-380x250.jpg\"  alt=\"\"><\/div><div class=\"thumb-overlay\"><a class=\"folio-read-more\" href=\"https:\/\/www.montecorno.com\/de\/portfolio\/sala-musica\/\"><i class=\"fa fa-link\"><\/i><\/a><a data-rel=\"prettyPhoto[pp_gal]\" class=\"btn-preview\" href=\"https:\/\/www.montecorno.com\/wp-content\/uploads\/sala_musica.jpg\"><i class=\"fa fa-search-plus\"><\/i><\/a><\/div><\/div><div class=\"portfolio-item-content\"><h3 class=\"portfolio-title\"><a href=\"https:\/\/www.montecorno.com\/de\/portfolio\/sala-musica\/\">Musikraum<\/a><\/h3><span class=\"portfolio-category\">musica<\/span><\/div><\/li><li class=\"themeum-post-item portfolio-item musica\"><div class=\"portfolio-thumb-wrapper\"><div class=\"portfolio-thumb\"><img decoding=\"async\" class=\"img-responsive\" src=\"https:\/\/www.montecorno.com\/wp-content\/uploads\/batteria-380x250.jpg\"  alt=\"\"><\/div><div class=\"thumb-overlay\"><a class=\"folio-read-more\" href=\"https:\/\/www.montecorno.com\/de\/portfolio\/sala-musica-attrezzata\/\"><i class=\"fa fa-link\"><\/i><\/a><a data-rel=\"prettyPhoto[pp_gal]\" class=\"btn-preview\" href=\"https:\/\/www.montecorno.com\/wp-content\/uploads\/batteria.jpg\"><i class=\"fa fa-search-plus\"><\/i><\/a><\/div><\/div><div class=\"portfolio-item-content\"><h3 class=\"portfolio-title\"><a href=\"https:\/\/www.montecorno.com\/de\/portfolio\/sala-musica-attrezzata\/\">Ausstattung<\/a><\/h3><span class=\"portfolio-category\">musica<\/span><\/div><\/li><li class=\"themeum-post-item portfolio-item musica\"><div class=\"portfolio-thumb-wrapper\"><div class=\"portfolio-thumb\"><img decoding=\"async\" class=\"img-responsive\" src=\"https:\/\/www.montecorno.com\/wp-content\/uploads\/emeroteca-380x250.jpg\"  alt=\"\"><\/div><div class=\"thumb-overlay\"><a class=\"folio-read-more\" href=\"https:\/\/www.montecorno.com\/de\/portfolio\/emeroteca\/\"><i class=\"fa fa-link\"><\/i><\/a><a data-rel=\"prettyPhoto[pp_gal]\" class=\"btn-preview\" href=\"https:\/\/www.montecorno.com\/wp-content\/uploads\/emeroteca.jpg\"><i class=\"fa fa-search-plus\"><\/i><\/a><\/div><\/div><div class=\"portfolio-item-content\"><h3 class=\"portfolio-title\"><a href=\"https:\/\/www.montecorno.com\/de\/portfolio\/emeroteca\/\">Zeitschriftensammlung<\/a><\/h3><span class=\"portfolio-category\">musica<\/span><\/div><\/li><li class=\"themeum-post-item portfolio-item esterno\"><div class=\"portfolio-thumb-wrapper\"><div class=\"portfolio-thumb\"><img decoding=\"async\" class=\"img-responsive\" src=\"https:\/\/www.montecorno.com\/wp-content\/uploads\/piscina-380x250.jpg\"  alt=\"\"><\/div><div class=\"thumb-overlay\"><a class=\"folio-read-more\" href=\"https:\/\/www.montecorno.com\/de\/portfolio\/piscina\/\"><i class=\"fa fa-link\"><\/i><\/a><a data-rel=\"prettyPhoto[pp_gal]\" class=\"btn-preview\" href=\"https:\/\/www.montecorno.com\/wp-content\/uploads\/piscina.jpg\"><i class=\"fa fa-search-plus\"><\/i><\/a><\/div><\/div><div class=\"portfolio-item-content\"><h3 class=\"portfolio-title\"><a href=\"https:\/\/www.montecorno.com\/de\/portfolio\/piscina\/\">Schwimmbad<\/a><\/h3><span class=\"portfolio-category\">esterno<\/span><\/div><\/li><\/ul><div class=\"clearfix load-wrap\"><span class=\"ajax-loader\">Ajax Loader<\/span><div class=\"clearfix\"><\/div><a class=\"load-more btn btn-primary\" id=\"post-loadmore\" data-per_page=\"12\" data-url=\"https:\/\/www.montecorno.com\/wp-content\/themes\/organic-life\/custom-posts\/themeum-loadmore.php\" data-total_posts=\"17\" data-col_grid=\"5\" href=\"#\">Load More<\/a><\/div>[\/vc_column][\/vc_row]<\/p>","protected":false},"excerpt":{"rendered":"<p>[vc_row][vc_column][rev_slider_vc alias=&#8220;cascina_ln&#8220;][vc_empty_space][vc_column_text]Der Gutshof, Baujahr 1899, wurde von uns vollst\u00e4ndig renoviert. Charakteristisch ist der Mehrzwecksaal, wo, in m\u00fchevoller Arbeit, die urspr\u00fcngliche Gew\u00f6lbedecke und die Steinmauer freigelegt wurden. Die zum Gardasee ausgerichtete Laube wurde von den Sch\u00fclerinnen und Sch\u00fclern der Mail\u00e4nder Malschule \u201eSan Luca\u201c im Jahre 1992 mit Fresken dekoriert. Von der auf den Olivenhain ausgerichteten Laube&nbsp;<\/p>\n<p><a class=\"btn btn-style\" href=\"https:\/\/www.montecorno.com\/de\/cascina\/\">Continue Reading&#8230;<\/a><\/p>\n","protected":false},"author":1,"featured_media":0,"parent":0,"menu_order":0,"comment_status":"closed","ping_status":"open","template":"","meta":{"_exactmetrics_skip_tracking":false,"footnotes":""},"class_list":["post-3216","page","type-page","status-publish","hentry"],"yoast_head":"<!-- This site is optimized with the Yoast SEO plugin v28.3 - https:\/\/yoast.com\/product\/yoast-seo-wordpress\/ -->\n<title>Der Gutshof - Azienda Agricola Montecorno Belvedere<\/title>\n<meta name=\"robots\" content=\"index, follow, max-snippet:-1, max-image-preview:large, max-video-preview:-1\" \/>\n<link rel=\"canonical\" href=\"https:\/\/www.montecorno.com\/de\/cascina\/\" \/>\n<meta property=\"og:locale\" content=\"de_DE\" \/>\n<meta property=\"og:type\" content=\"article\" \/>\n<meta property=\"og:title\" content=\"Der Gutshof - Azienda Agricola Montecorno Belvedere\" \/>\n<meta property=\"og:description\" content=\"[vc_row][vc_column][rev_slider_vc alias=&#8220;cascina_ln&#8220;][vc_empty_space][vc_column_text]Der Gutshof, Baujahr 1899, wurde von uns vollst\u00e4ndig renoviert. Charakteristisch ist der Mehrzwecksaal, wo, in m\u00fchevoller Arbeit, die urspr\u00fcngliche Gew\u00f6lbedecke und die Steinmauer freigelegt wurden. Die zum Gardasee ausgerichtete Laube wurde von den Sch\u00fclerinnen und Sch\u00fclern der Mail\u00e4nder Malschule \u201eSan Luca\u201c im Jahre 1992 mit Fresken dekoriert. Von der auf den Olivenhain ausgerichteten Laube&nbsp;Continue Reading...\" \/>\n<meta property=\"og:url\" content=\"https:\/\/www.montecorno.com\/de\/cascina\/\" \/>\n<meta property=\"og:site_name\" content=\"Azienda Agricola Montecorno Belvedere\" \/>\n<meta property=\"article:modified_time\" content=\"2019-01-16T14:09:29+00:00\" \/>\n<meta name=\"twitter:label1\" content=\"Gesch\u00e4tzte Lesezeit\" \/>\n\t<meta name=\"twitter:data1\" content=\"4\u00a0Minuten\" \/>\n<script type=\"application\/ld+json\" class=\"yoast-schema-graph\">{\"@context\":\"https:\\\/\\\/schema.org\",\"@graph\":[{\"@type\":\"WebPage\",\"@id\":\"https:\\\/\\\/www.montecorno.com\\\/de\\\/cascina\\\/\",\"url\":\"https:\\\/\\\/www.montecorno.com\\\/de\\\/cascina\\\/\",\"name\":\"Der Gutshof - Azienda Agricola Montecorno Belvedere\",\"isPartOf\":{\"@id\":\"https:\\\/\\\/www.montecorno.com\\\/#website\"},\"datePublished\":\"2015-03-09T16:29:32+00:00\",\"dateModified\":\"2019-01-16T14:09:29+00:00\",\"breadcrumb\":{\"@id\":\"https:\\\/\\\/www.montecorno.com\\\/de\\\/cascina\\\/#breadcrumb\"},\"inLanguage\":\"de\",\"potentialAction\":[{\"@type\":\"ReadAction\",\"target\":[\"https:\\\/\\\/www.montecorno.com\\\/de\\\/cascina\\\/\"]}]},{\"@type\":\"BreadcrumbList\",\"@id\":\"https:\\\/\\\/www.montecorno.com\\\/de\\\/cascina\\\/#breadcrumb\",\"itemListElement\":[{\"@type\":\"ListItem\",\"position\":1,\"name\":\"Home\",\"item\":\"https:\\\/\\\/www.montecorno.com\\\/\"},{\"@type\":\"ListItem\",\"position\":2,\"name\":\"Der Gutshof\"}]},{\"@type\":\"WebSite\",\"@id\":\"https:\\\/\\\/www.montecorno.com\\\/#website\",\"url\":\"https:\\\/\\\/www.montecorno.com\\\/\",\"name\":\"Azienda Agricola Montecorno Belvedere\",\"description\":\"Appartamenti e prodotti del Garda\",\"publisher\":{\"@id\":\"https:\\\/\\\/www.montecorno.com\\\/#organization\"},\"potentialAction\":[{\"@type\":\"SearchAction\",\"target\":{\"@type\":\"EntryPoint\",\"urlTemplate\":\"https:\\\/\\\/www.montecorno.com\\\/?s={search_term_string}\"},\"query-input\":{\"@type\":\"PropertyValueSpecification\",\"valueRequired\":true,\"valueName\":\"search_term_string\"}}],\"inLanguage\":\"de\"},{\"@type\":\"Organization\",\"@id\":\"https:\\\/\\\/www.montecorno.com\\\/#organization\",\"name\":\"Azienda Agricola Montecorno Belvedere\",\"url\":\"https:\\\/\\\/www.montecorno.com\\\/\",\"logo\":{\"@type\":\"ImageObject\",\"inLanguage\":\"de\",\"@id\":\"https:\\\/\\\/www.montecorno.com\\\/#\\\/schema\\\/logo\\\/image\\\/\",\"url\":\"https:\\\/\\\/www.montecorno.com\\\/wp-content\\\/uploads\\\/logo.png\",\"contentUrl\":\"https:\\\/\\\/www.montecorno.com\\\/wp-content\\\/uploads\\\/logo.png\",\"width\":135,\"height\":150,\"caption\":\"Azienda Agricola Montecorno Belvedere\"},\"image\":{\"@id\":\"https:\\\/\\\/www.montecorno.com\\\/#\\\/schema\\\/logo\\\/image\\\/\"}}]}<\/script>\n<!-- \/ Yoast SEO plugin. -->","yoast_head_json":{"title":"Der Gutshof - Azienda Agricola Montecorno Belvedere","robots":{"index":"index","follow":"follow","max-snippet":"max-snippet:-1","max-image-preview":"max-image-preview:large","max-video-preview":"max-video-preview:-1"},"canonical":"https:\/\/www.montecorno.com\/de\/cascina\/","og_locale":"de_DE","og_type":"article","og_title":"Der Gutshof - Azienda Agricola Montecorno Belvedere","og_description":"[vc_row][vc_column][rev_slider_vc alias=&#8220;cascina_ln&#8220;][vc_empty_space][vc_column_text]Der Gutshof, Baujahr 1899, wurde von uns vollst\u00e4ndig renoviert. Charakteristisch ist der Mehrzwecksaal, wo, in m\u00fchevoller Arbeit, die urspr\u00fcngliche Gew\u00f6lbedecke und die Steinmauer freigelegt wurden. Die zum Gardasee ausgerichtete Laube wurde von den Sch\u00fclerinnen und Sch\u00fclern der Mail\u00e4nder Malschule \u201eSan Luca\u201c im Jahre 1992 mit Fresken dekoriert. Von der auf den Olivenhain ausgerichteten Laube&nbsp;Continue Reading...","og_url":"https:\/\/www.montecorno.com\/de\/cascina\/","og_site_name":"Azienda Agricola Montecorno Belvedere","article_modified_time":"2019-01-16T14:09:29+00:00","twitter_misc":{"Gesch\u00e4tzte Lesezeit":"4\u00a0Minuten"},"schema":{"@context":"https:\/\/schema.org","@graph":[{"@type":"WebPage","@id":"https:\/\/www.montecorno.com\/de\/cascina\/","url":"https:\/\/www.montecorno.com\/de\/cascina\/","name":"Der Gutshof - Azienda Agricola Montecorno Belvedere","isPartOf":{"@id":"https:\/\/www.montecorno.com\/#website"},"datePublished":"2015-03-09T16:29:32+00:00","dateModified":"2019-01-16T14:09:29+00:00","breadcrumb":{"@id":"https:\/\/www.montecorno.com\/de\/cascina\/#breadcrumb"},"inLanguage":"de","potentialAction":[{"@type":"ReadAction","target":["https:\/\/www.montecorno.com\/de\/cascina\/"]}]},{"@type":"BreadcrumbList","@id":"https:\/\/www.montecorno.com\/de\/cascina\/#breadcrumb","itemListElement":[{"@type":"ListItem","position":1,"name":"Home","item":"https:\/\/www.montecorno.com\/"},{"@type":"ListItem","position":2,"name":"Der Gutshof"}]},{"@type":"WebSite","@id":"https:\/\/www.montecorno.com\/#website","url":"https:\/\/www.montecorno.com\/","name":"Azienda Agricola Montecorno Belvedere","description":"Appartamenti e prodotti del Garda","publisher":{"@id":"https:\/\/www.montecorno.com\/#organization"},"potentialAction":[{"@type":"SearchAction","target":{"@type":"EntryPoint","urlTemplate":"https:\/\/www.montecorno.com\/?s={search_term_string}"},"query-input":{"@type":"PropertyValueSpecification","valueRequired":true,"valueName":"search_term_string"}}],"inLanguage":"de"},{"@type":"Organization","@id":"https:\/\/www.montecorno.com\/#organization","name":"Azienda Agricola Montecorno Belvedere","url":"https:\/\/www.montecorno.com\/","logo":{"@type":"ImageObject","inLanguage":"de","@id":"https:\/\/www.montecorno.com\/#\/schema\/logo\/image\/","url":"https:\/\/www.montecorno.com\/wp-content\/uploads\/logo.png","contentUrl":"https:\/\/www.montecorno.com\/wp-content\/uploads\/logo.png","width":135,"height":150,"caption":"Azienda Agricola Montecorno Belvedere"},"image":{"@id":"https:\/\/www.montecorno.com\/#\/schema\/logo\/image\/"}}]}},"_links":{"self":[{"href":"https:\/\/www.montecorno.com\/de\/wp-json\/wp\/v2\/pages\/3216","targetHints":{"allow":["GET"]}}],"collection":[{"href":"https:\/\/www.montecorno.com\/de\/wp-json\/wp\/v2\/pages"}],"about":[{"href":"https:\/\/www.montecorno.com\/de\/wp-json\/wp\/v2\/types\/page"}],"author":[{"embeddable":true,"href":"https:\/\/www.montecorno.com\/de\/wp-json\/wp\/v2\/users\/1"}],"replies":[{"embeddable":true,"href":"https:\/\/www.montecorno.com\/de\/wp-json\/wp\/v2\/comments?post=3216"}],"version-history":[{"count":23,"href":"https:\/\/www.montecorno.com\/de\/wp-json\/wp\/v2\/pages\/3216\/revisions"}],"predecessor-version":[{"id":4401,"href":"https:\/\/www.montecorno.com\/de\/wp-json\/wp\/v2\/pages\/3216\/revisions\/4401"}],"wp:attachment":[{"href":"https:\/\/www.montecorno.com\/de\/wp-json\/wp\/v2\/media?parent=3216"}],"curies":[{"name":"wp","href":"https:\/\/api.w.org\/{rel}","templated":true}]}}